{"id":5033,"date":"2020-04-15T22:02:55","date_gmt":"2020-04-15T20:02:55","guid":{"rendered":"http:\/\/www.laboratoire-geosciences-ocean-ubs.fr\/?page_id=5033"},"modified":"2021-04-30T10:33:47","modified_gmt":"2021-04-30T08:33:47","slug":"kalil-traore","status":"publish","type":"page","link":"https:\/\/www.laboratoire-geosciences-ocean-ubs.fr\/en\/equipe\/kalil-traore\/","title":{"rendered":"Kalil Traor\u00e9"},"content":{"rendered":"<div id=\"pl-5033\"  class=\"panel-layout\" ><div id=\"pg-5033-0\"  class=\"panel-grid panel-no-style\" ><div id=\"pgc-5033-0-0\"  class=\"panel-grid-cell\" ><div id=\"panel-5033-0-0-0\" class=\"so-panel widget widget_sow-editor panel-first-child panel-last-child\" data-index=\"0\" ><div class=\"panel-widget-style panel-widget-style-for-5033-0-0-0\" ><div\n\t\t\t\n\t\t\tclass=\"so-widget-sow-editor so-widget-sow-editor-base\"\n\t\t\t\n\t\t>\n<div class=\"siteorigin-widget-tinymce textwidget\">\n\t<p style=\"text-align: left;\"><span style=\"color: #ffffff;\"><img loading=\"lazy\" decoding=\"async\" class=\"wp-image-4875 size-medium alignleft\" src=\"http:\/\/www.laboratoire-geosciences-ocean-ubs.fr\/wp-content\/uploads\/2020\/04\/IMG_9904_square-1-300x300.png\" alt=\"\" width=\"300\" height=\"300\" srcset=\"https:\/\/www.laboratoire-geosciences-ocean-ubs.fr\/wp-content\/uploads\/2020\/04\/IMG_9904_square-1-300x300.png 300w, https:\/\/www.laboratoire-geosciences-ocean-ubs.fr\/wp-content\/uploads\/2020\/04\/IMG_9904_square-1-1024x1024.png 1024w, https:\/\/www.laboratoire-geosciences-ocean-ubs.fr\/wp-content\/uploads\/2020\/04\/IMG_9904_square-1-150x150.png 150w, https:\/\/www.laboratoire-geosciences-ocean-ubs.fr\/wp-content\/uploads\/2020\/04\/IMG_9904_square-1-768x768.png 768w, https:\/\/www.laboratoire-geosciences-ocean-ubs.fr\/wp-content\/uploads\/2020\/04\/IMG_9904_square-1-1536x1536.png 1536w, https:\/\/www.laboratoire-geosciences-ocean-ubs.fr\/wp-content\/uploads\/2020\/04\/IMG_9904_square-1-2048x2048.png 2048w, https:\/\/www.laboratoire-geosciences-ocean-ubs.fr\/wp-content\/uploads\/2020\/04\/IMG_9904_square-1-1080x1080.png 1080w\" sizes=\"auto, (max-width: 300px) 100vw, 300px\" \/><\/span><\/p>\n<h3 style=\"text-align: center;\"><span style=\"color: #ffffff;\">Kalil Traor\u00e9<br \/>\nPhD student<br \/>\n<\/span><\/h3>\n<p>University of Southern Brittany - Tohannic Campus<br \/>\nYves Coppens Building<br \/>\nC048 office<\/p>\n<p>kalil.traore@univ-ubs.fr<\/p>\n<\/div>\n<\/div><\/div><\/div><\/div><\/div><div id=\"pg-5033-1\"  class=\"panel-grid panel-no-style\" ><div id=\"pgc-5033-1-0\"  class=\"panel-grid-cell\" ><div id=\"panel-5033-1-0-0\" class=\"so-panel widget widget_sow-editor panel-first-child panel-last-child\" data-index=\"1\" ><div\n\t\t\t\n\t\t\tclass=\"so-widget-sow-editor so-widget-sow-editor-base\"\n\t\t\t\n\t\t>\n<div class=\"siteorigin-widget-tinymce textwidget\">\n\t<h3 style=\"text-align: left;\"><span style=\"color: #1269b0;\"><strong>Skills<\/strong><\/span><\/h3>\n<\/div>\n<\/div><\/div><\/div><\/div><div id=\"pg-5033-2\"  class=\"panel-grid panel-no-style\" ><div id=\"pgc-5033-2-0\"  class=\"panel-grid-cell\" ><div id=\"panel-5033-2-0-0\" class=\"so-panel widget widget_sow-editor panel-first-child panel-last-child\" data-index=\"2\" ><div\n\t\t\t\n\t\t\tclass=\"so-widget-sow-editor so-widget-sow-editor-base\"\n\t\t\t\n\t\t>\n<div class=\"siteorigin-widget-tinymce textwidget\">\n\t<p style=\"text-align: left;\"><span style=\"color: #4b4b4c;\"><span style=\"color: #1269b0;\"><strong>\u2022<\/strong><\/span> Geomorphology<br \/>\n<span style=\"color: #1269b0;\"><strong>\u2022<\/strong><\/span> Marine geophysics<\/span><\/p>\n<\/div>\n<\/div><\/div><\/div><div id=\"pgc-5033-2-1\"  class=\"panel-grid-cell\" ><div id=\"panel-5033-2-1-0\" class=\"so-panel widget widget_sow-editor panel-first-child panel-last-child\" data-index=\"3\" ><div\n\t\t\t\n\t\t\tclass=\"so-widget-sow-editor so-widget-sow-editor-base\"\n\t\t\t\n\t\t>\n<div class=\"siteorigin-widget-tinymce textwidget\">\n\t<p style=\"text-align: left;\"><span style=\"color: #4b4b4c;\"><span style=\"color: #1269b0;\"><strong>\u2022<\/strong><\/span> Stratigraphy<br \/>\n<span style=\"color: #1269b0;\"><strong>\u2022<\/strong><\/span> Remote sensing<\/span><\/p>\n<\/div>\n<\/div><\/div><\/div><div id=\"pgc-5033-2-2\"  class=\"panel-grid-cell\" ><div id=\"panel-5033-2-2-0\" class=\"so-panel widget widget_sow-editor panel-first-child panel-last-child\" data-index=\"4\" ><div\n\t\t\t\n\t\t\tclass=\"so-widget-sow-editor so-widget-sow-editor-base\"\n\t\t\t\n\t\t>\n<div class=\"siteorigin-widget-tinymce textwidget\">\n\t<p style=\"text-align: left;\"><span style=\"color: #4b4b4c;\"><span style=\"color: #1269b0;\"><strong>\u2022<\/strong><\/span> Photogrammetry<br \/>\n<\/span><span style=\"color: #4b4b4c;\"><span style=\"color: #1269b0;\"><strong>\u2022<\/strong><\/span> Spatial data analysis<\/span><\/p>\n<\/div>\n<\/div><\/div><\/div><\/div><div id=\"pg-5033-3\"  class=\"panel-grid panel-no-style\" ><div id=\"pgc-5033-3-0\"  class=\"panel-grid-cell\" ><div id=\"panel-5033-3-0-0\" class=\"so-panel widget widget_sow-editor panel-first-child panel-last-child\" data-index=\"5\" ><div class=\"panel-widget-style panel-widget-style-for-5033-3-0-0\" ><div\n\t\t\t\n\t\t\tclass=\"so-widget-sow-editor so-widget-sow-editor-base\"\n\t\t\t\n\t\t>\n<div class=\"siteorigin-widget-tinymce textwidget\">\n\t<h3 style=\"text-align: justify;\"><span style=\"color: #1269b0;\"><strong>Presentation<\/strong><\/span><\/h3>\n<p style=\"text-align: justify;\"><span style=\"color: #4b4b4c;\">Apr\u00e8s un Master en Ing\u00e9nierie et G\u00e9osciences du Littoral \u00e0 l\u2019Universit\u00e9 de Caen Normandie, Kalil Traor\u00e9 pr\u00e9pare son doctorat au LGO, depuis\u00a0<span id=\"OBJ_PREFIX_DWT55_com_zimbra_date\" class=\"Object\" role=\"link\">octobre 2018<\/span>, sur la g\u00e9om\u00e9trie de la couverture s\u00e9dimentaire en Baie de Saint Brieuc sous la direction de David Menier et co-encadrement de Erwan Gensac. Il cherche \u00e0 retrouver la signature des \u00e9v\u00e9nements climatiques majeurs qui ont marqu\u00e9 l\u2019histoire de la remont\u00e9e du niveau marin depuis le d\u00e9but de la derni\u00e8re p\u00e9riode interglaciaire, il y 11 700 ans, en utilisant des outils g\u00e9ophysiques tels que le Sonar \u00e0 balayage lat\u00e9ral, le sondeur multifaisceaux, et la sismique r\u00e9flexion haute r\u00e9solution. En parall\u00e8le, il s\u2019appuie sur une combinaison d\u2019outils et de disciplines notamment l\u2019imagerie satellitaire, la photogramm\u00e9trie SfM par drone, l\u2019hydrodynamisme et la s\u00e9dimentologie, pour \u00e9tudier la dynamique s\u00e9dimentaire actuelle dans le fond de la Baie de Saint Brieuc (Anse d\u2019Yffiniac et Anse de Morieux). L\u2019id\u00e9e g\u00e9n\u00e9rale est d\u2019arriver \u00e0 une synth\u00e8se des m\u00e9canismes de transfert s\u00e9dimentaire entre le large et la c\u00f4te \u00e0 diff\u00e9rentes \u00e9chelles spatio-temporelles.<\/span><\/p>\n<h3 style=\"text-align: justify;\"><span style=\"color: #1269b0;\"><strong>Interview : doctorant en g\u00e9ophysique marine et g\u00e9omorphologie c\u00f4ti\u00e8re.<\/strong><\/span><\/h3>\n<p style=\"text-align: justify;\"><span style=\"color: #4b4b4c;\"><strong>Quel est votre parcours acad\u00e9mique ?<\/strong><\/span><\/p>\n<p style=\"text-align: justify;\"><span style=\"color: #4b4b4c;\">Apr\u00e8s une Licence de g\u00e9ologie au Mali d\u2019o\u00f9 je suis originaire, j\u2019ai poursuivi en France en effectuant une Licence en Science de la Vie, de la Terre et de l\u2019Environnement \u00e0 l\u2019universit\u00e9 du Mans, puis un Master en Ing\u00e9nierie et G\u00e9osciences du Littoral \u00e0 l\u2019Universit\u00e9 de Caen Normandie o\u00f9 je me suis sp\u00e9cialis\u00e9 en T\u00e9l\u00e9d\u00e9tection et Photogramm\u00e9trie Structure from Motion (SfM). Je r\u00e9alise, depuis Octobre 2018, mon doctorat sur l\u2019architecture de la couverture s\u00e9dimentaire de la Baie de Saint Brieuc, au Laboratoire G\u00e9oscience Oc\u00e9an, Universit\u00e9 Bretagne Sud.<\/span><\/p>\n<p style=\"text-align: justify;\"><span style=\"color: #000000;\"><strong style=\"background-color: transparent;\"><img loading=\"lazy\" decoding=\"async\" class=\"wp-image-6991 aligncenter\" src=\"https:\/\/www.laboratoire-geosciences-ocean-ubs.fr\/wp-content\/uploads\/2021\/04\/03_photo_terrain.jpg\" alt=\"\" width=\"650\" height=\"433\" srcset=\"https:\/\/www.laboratoire-geosciences-ocean-ubs.fr\/wp-content\/uploads\/2021\/04\/03_photo_terrain.jpg 750w, https:\/\/www.laboratoire-geosciences-ocean-ubs.fr\/wp-content\/uploads\/2021\/04\/03_photo_terrain-300x200.jpg 300w, https:\/\/www.laboratoire-geosciences-ocean-ubs.fr\/wp-content\/uploads\/2021\/04\/03_photo_terrain-16x12.jpg 16w, https:\/\/www.laboratoire-geosciences-ocean-ubs.fr\/wp-content\/uploads\/2021\/04\/03_photo_terrain-272x182.jpg 272w\" sizes=\"auto, (max-width: 650px) 100vw, 650px\" \/><\/strong><\/span><\/p>\n<p style=\"text-align: justify;\"><span style=\"color: #4b4b4c;\"><strong>Quel est l\u2019objet de votre th\u00e8se ?\u00a0<\/strong><\/span><\/p>\n<p style=\"text-align: justify;\"><span style=\"color: #4b4b4c;\">Mes travaux portent sur la dynamique de construction du remplissage s\u00e9dimentaire de la baie de Saint Brieuc \u00e0 diff\u00e9rentes \u00e9chelles spatio-temporelles. J\u2019essaie de comprendre les processus physiques \u00e0 l\u2019origine du comblement s\u00e9dimentaire de la Baie ; d\u2019abord \u00e0 l\u2019\u00e9chelle des 10 000 derni\u00e8res ann\u00e9es (remont\u00e9e du niveau marin en lien avec l\u2019h\u00e9ritage structural), puis \u00e0 l\u2019\u00e9chelle des derni\u00e8res d\u00e9cennies dont l\u2019objectif est de chercher des marqueurs d\u2019\u00e9v\u00e8nements m\u00e9t\u00e9orologiques exceptionnels dans la morphodynamique des corps s\u00e9dimentaires c\u00f4tiers par t\u00e9l\u00e9d\u00e9tection et photogramm\u00e9trie (SfM).<\/span><\/p>\n<p style=\"text-align: justify;\"><span style=\"color: #1269b0;\"><a style=\"color: #1269b0;\" href=\"https:\/\/www.youtube.com\/watch?v=wh0kPE4qzBQ\">See the PhD<\/a><\/span><\/p>\n<p style=\"text-align: justify;\"><span style=\"color: #4b4b4c;\"><strong>Why did you choose a sea-related career path  ?<\/strong><\/span><\/p>\n<p style=\"text-align: justify;\"><span style=\"color: #4b4b4c;\">Cette question int\u00e9ressante me rappelle une petite anecdote sur un proche parent qui me demandait ce que je faisais comme \u00e9tude, je lui ai r\u00e9pondu \u00ab les g\u00e9osciences marines \u00bb ; d\u2019un air \u00e9tonn\u00e9, il me r\u00e9torque \u00ab mais pourquoi diable une sp\u00e9cialit\u00e9 tourn\u00e9e vers la mer alors m\u00eame que nous n\u2019avons pas de mer au Mali ?! \u00bb. Sans d\u00e9fense aucune, je lui ai r\u00e9pondu avec un humour de g\u00e9ologue, \u00ab mais le Mali est \u00e0 pr\u00e8s de 50% du d\u00e9sert, cet immense d\u00e9sert \u00e0 perte de vue est le vestige de millions d\u2019ann\u00e9es d\u2019histoire marine. Le savais tu ? \u00bb.<\/span><\/p>\n<p style=\"text-align: justify;\"><span style=\"color: #4b4b4c;\">Passionn\u00e9 de sciences, surtout celles de la terre, j\u2019ai toujours eu un go\u00fbt prononc\u00e9 pour la compr\u00e9hension des processus physiques \u00e0 l\u2019origine de la formation de l\u2019environnement qui nous entoure. De nature curieuse, j\u2019ai d\u00e9couvert, au cours de mon parcours, un large champ disciplinaire, autour des g\u00e9osciences, qui a contribu\u00e9 \u00e0 alimenter cet amour pour les sciences de la terre et de l\u2019environnement. Je garde, par ailleurs, la certitude qu\u2019il faut aller au-del\u00e0 de la barri\u00e8re terre\/mer pour arriver \u00e0 une compr\u00e9hension globale des syst\u00e8mes s\u00e9dimentaires\u00a0et les processus qui y sont associ\u00e9s. Et c\u2019est ce que j\u2019essaie de faire tout au long de mon parcours.<\/span><\/p>\n<p style=\"text-align: justify;\"><span style=\"color: #4b4b4c;\"><strong>Pourquoi la baie de Saint-Brieuc comme sujet d\u2019\u00e9tude ?<\/strong><\/span><\/p>\n<p><div id=\"attachment_6994\" style=\"width: 310px\" class=\"wp-caption alignright\"><img aria-describedby=\"caption-attachment-6994\" loading=\"lazy\" decoding=\"async\" class=\"wp-image-6994\" src=\"https:\/\/www.laboratoire-geosciences-ocean-ubs.fr\/wp-content\/uploads\/2021\/04\/01_MIGRATION_BANCS_LEGUER.gif\" alt=\"\" width=\"300\" height=\"255\" \/><\/p>\n<p id=\"caption-attachment-6994\" class=\"wp-caption-text\"><span style=\"color: #4b4b4c;\">Time-lapse cr\u00e9\u00e9 \u00e0 partir des images satellitaires (Landsat 7, 8 et Sentinel 2) pour le suivi de la migration des bancs de sable intertidaux (Embouchure du port de L\u00e9guer, en baie de Saint Brieuc).<\/span><\/p>\n<\/div>\n<p style=\"text-align: justify;\"><span style=\"color: #4b4b4c;\">J\u2019ai choisi la baie de Saint Brieuc via une candidature \u00e0 une offre portant sur un domaine correspondant \u00e0 ce que je recherchais. La th\u00e8se proposait une d\u00e9marche m\u00e9thodologique couplant approche naturaliste et physique \u00e0 l\u2019\u00e9tude de la dynamique morphos\u00e9dimentaires entre le large et la c\u00f4te de la baie de Saint Brieuc. Je tirais justement ma grande motivation de cette dualit\u00e9 th\u00e9matique-m\u00e9thodologique. Par la suite, j'ai eu l\u2019honneur et le plaisir d\u2019\u00eatre le candidat s\u00e9lectionn\u00e9 pour mener ces travaux de th\u00e8se.<\/span><\/p>\n<p style=\"text-align: justify;\"><span style=\"color: #4b4b4c;\">Par ailleurs, ma th\u00e8se s\u2019inscrit dans le cadre d\u2019un projet plus global d\u00e9but\u00e9 en 2016. Ce projet de recherche est port\u00e9 par l\u2019universit\u00e9 Bretagne Sud via mon directeur de th\u00e8se David Menier en collaboration avec la r\u00e9serve naturelle de Saint-Brieuc et la r\u00e9gion Bretagne. L\u2019id\u00e9e \u00e9tant de comprendre les processus morphos\u00e9dimentaires caract\u00e9risant cette portion c\u00f4ti\u00e8re afin d\u2019aider \u00e0 mieux pr\u00e9dire son \u00e9volution future et \u00e0 d\u00e9finir les conditions d\u2019une exploitation durable des ressources c\u00f4ti\u00e8res dans un contexte de changement climatique.<\/span><\/p>\n<p style=\"text-align: justify;\"><span style=\"color: #4b4b4c;\"><strong>Quelles sont les particularit\u00e9s de la baie de Saint-Brieuc ?<\/strong><\/span><\/p>\n<p style=\"text-align: justify;\"><span style=\"color: #4b4b4c;\">La baie de Saint-Brieuc pr\u00e9sente la particularit\u00e9 d\u2019avoir un socle pr\u00e9cambrien vieux de plus 600 Millions d\u2019ann\u00e9es, faiblement incis\u00e9, et <span style=\"background-color: transparent;\">sur lequel repose directement de maigres d\u00e9p\u00f4ts s\u00e9dimentaires Holoc\u00e8ne (~10 000 ans) sous la forme de bancs de sillage. Cette configuration originale, associ\u00e9e \u00e0 un contexte macrotidal, fait de la baie de Saint Brieuc une zone d\u2019int\u00e9r\u00eat scientifique exaltant.<\/span><\/span><\/p>\n<p><div id=\"attachment_6995\" style=\"width: 510px\" class=\"wp-caption aligncenter\"><img aria-describedby=\"caption-attachment-6995\" loading=\"lazy\" decoding=\"async\" class=\"wp-image-6995\" src=\"https:\/\/www.laboratoire-geosciences-ocean-ubs.fr\/wp-content\/uploads\/2021\/04\/04_MNT_MORIEUX-300x156.png\" alt=\"\" width=\"500\" height=\"260\" srcset=\"https:\/\/www.laboratoire-geosciences-ocean-ubs.fr\/wp-content\/uploads\/2021\/04\/04_MNT_MORIEUX-300x156.png 300w, https:\/\/www.laboratoire-geosciences-ocean-ubs.fr\/wp-content\/uploads\/2021\/04\/04_MNT_MORIEUX-1024x533.png 1024w, https:\/\/www.laboratoire-geosciences-ocean-ubs.fr\/wp-content\/uploads\/2021\/04\/04_MNT_MORIEUX-768x399.png 768w, https:\/\/www.laboratoire-geosciences-ocean-ubs.fr\/wp-content\/uploads\/2021\/04\/04_MNT_MORIEUX-1536x799.png 1536w, https:\/\/www.laboratoire-geosciences-ocean-ubs.fr\/wp-content\/uploads\/2021\/04\/04_MNT_MORIEUX-2048x1065.png 2048w, https:\/\/www.laboratoire-geosciences-ocean-ubs.fr\/wp-content\/uploads\/2021\/04\/04_MNT_MORIEUX-16x8.png 16w, https:\/\/www.laboratoire-geosciences-ocean-ubs.fr\/wp-content\/uploads\/2021\/04\/04_MNT_MORIEUX-1920x999.png 1920w\" sizes=\"auto, (max-width: 500px) 100vw, 500px\" \/><\/p>\n<p id=\"caption-attachment-6995\" class=\"wp-caption-text\"><span style=\"color: #4b4b4c;\">Mod\u00e8le Num\u00e9rique de Terrain de l\u2019Anse de Morieux issu de la reconstruction 3D de la topographie par photogramm\u00e9trie SfM par drone.<\/span><\/p>\n<\/div>\n<p style=\"text-align: justify;\"><span style=\"color: #4b4b4c;\"><strong>Vous venez de publier votre premier article dans Geoscience Frontiers, pouvez-vous nous expliquer l\u2019objet de cette publication ?<\/strong><\/span><\/p>\n<p><div id=\"attachment_6993\" style=\"width: 410px\" class=\"wp-caption alignright\"><img aria-describedby=\"caption-attachment-6993\" loading=\"lazy\" decoding=\"async\" class=\"wp-image-6993\" src=\"https:\/\/www.laboratoire-geosciences-ocean-ubs.fr\/wp-content\/uploads\/2021\/04\/02_Conceptual-synthesis-model-300x245.jpg\" alt=\"\" width=\"400\" height=\"326\" srcset=\"https:\/\/www.laboratoire-geosciences-ocean-ubs.fr\/wp-content\/uploads\/2021\/04\/02_Conceptual-synthesis-model-300x245.jpg 300w, https:\/\/www.laboratoire-geosciences-ocean-ubs.fr\/wp-content\/uploads\/2021\/04\/02_Conceptual-synthesis-model-1024x835.jpg 1024w, https:\/\/www.laboratoire-geosciences-ocean-ubs.fr\/wp-content\/uploads\/2021\/04\/02_Conceptual-synthesis-model-768x626.jpg 768w, https:\/\/www.laboratoire-geosciences-ocean-ubs.fr\/wp-content\/uploads\/2021\/04\/02_Conceptual-synthesis-model-1536x1253.jpg 1536w, https:\/\/www.laboratoire-geosciences-ocean-ubs.fr\/wp-content\/uploads\/2021\/04\/02_Conceptual-synthesis-model-2048x1670.jpg 2048w, https:\/\/www.laboratoire-geosciences-ocean-ubs.fr\/wp-content\/uploads\/2021\/04\/02_Conceptual-synthesis-model-16x12.jpg 16w, https:\/\/www.laboratoire-geosciences-ocean-ubs.fr\/wp-content\/uploads\/2021\/04\/02_Conceptual-synthesis-model-1324x1080.jpg 1324w\" sizes=\"auto, (max-width: 400px) 100vw, 400px\" \/><\/p>\n<p id=\"caption-attachment-6993\" class=\"wp-caption-text\"><span style=\"color: #4b4b4c;\">Mod\u00e8le conceptuel de synth\u00e8se de la dynamique pass\u00e9e et actuelle du banc de la Horaine illustrant son r\u00f4le potentiel dans l'apport s\u00e9dimentaire des c\u00f4tes adjacentes.<\/span><\/p>\n<\/div>\n<p style=\"text-align: justify;\"><span style=\"color: #4b4b4c;\">Ce premier article, dans le cadre de ma th\u00e8se, est une synth\u00e8se des travaux men\u00e9s au cours de mes deux premi\u00e8res ann\u00e9es, avec un zoom sur le banc s\u00e9dimentaire de la Horaine (NW Baie de Saint Brieuc). Nous mettons en \u00e9vidence les changements environnementaux ayant ponctu\u00e9 la remont\u00e9e du niveau marin depuis les 10 000 derni\u00e8res ann\u00e9es, et dont la signature est observable dans la g\u00e9om\u00e9trie des s\u00e9diments composant ce corps s\u00e9dimentaire.<\/span><\/p>\n<p style=\"text-align: justify;\"><span style=\"color: #4b4b4c;\"><a style=\"color: #4b4b4c;\" href=\"https:\/\/www.sciencedirect.com\/science\/article\/pii\/S1674987121000475\">LIRE L'ARTICLE<\/a><\/span><\/p>\n<p style=\"text-align: justify;\"><span style=\"color: #4b4b4c;\"><strong>Vous arrivez bient\u00f4t au terme de votre doctorat, quel bilan tirez-vous de cette exp\u00e9rience ?<\/strong><\/span><\/p>\n<p style=\"text-align: justify;\"><span style=\"color: #4b4b4c;\">S\u2019il m\u2019est donn\u00e9 de me livrer \u00e0 l\u2019exercice, je r\u00e9pondrais par des mots cl\u00e9s dont\u00a0: autonomie, rigueur, remise en question permanente de la pertinence des hypoth\u00e8ses ou approches, argumentation, justification et exposition permanente aux critiques de mes choix par les pairs. Cette exp\u00e9rience forge l\u2019humilit\u00e9. Ces ann\u00e9es de th\u00e8se m\u2019ont aussi permis de prendre conscience de toute la complexit\u00e9 et la rigueur qu\u2019implique un travail scientifique. Enfin, c\u2019est une exp\u00e9rience professionnelle et humaine fort enrichissantes, c\u2019est donc un bilan tr\u00e8s positif.<\/span><\/p>\n<p style=\"text-align: justify;\"><span style=\"color: #4b4b4c;\"><strong>Selon vous, quel est le r\u00f4le de la science dans la compr\u00e9hension des m\u00e9canismes de changement climatique et de remont\u00e9e du niveau marin ?\u00a0<\/strong><\/span><\/p>\n<p style=\"text-align: justify;\"><span style=\"color: #4b4b4c;\">La n\u00e9cessit\u00e9 de la d\u00e9marche scientifique pour la compr\u00e9hension des facteurs \u00e0 l\u2019origine du changement climatique est, \u00e0 mon sens, probante. Je reste convaincu qu\u2019il n\u2019y a que par la science qu\u2019on arrive \u00e0 des conclusions objectives. Les travaux scientifiques visant \u00e0 comprendre le pass\u00e9 de notre environnement nous permettent aussi de mieux savoir o\u00f9 l\u2019on va et nous aident \u00e0 d\u00e9velopper des strat\u00e9gies d\u2019adaptation intelligentes face aux potentiels changements \u00e0 venir. Par exemple, notre dernier article sur la construction du banc de la Horaine en baie de Saint-Brieuc met en \u00e9vidence les changements environnementaux ayant ponctu\u00e9 la remont\u00e9e du niveau marin depuis les 10000 derni\u00e8res ann\u00e9es. Cela permettrait de mieux s\u00e9parer les facteurs naturels et l\u2019impact de l\u2019homme dans l\u2019\u00e9volution cet environnement.<\/span><\/p>\n<p style=\"text-align: justify;\"><span style=\"color: #4b4b4c;\"><strong>Comment transmettre ces connaissances au plus grand nombre ?\u00a0<\/strong><\/span><\/p>\n<p style=\"text-align: justify;\"><span style=\"color: #4b4b4c;\">Je crois qu\u2019il faut d\u2019abord arriver \u00e0 enflammer l\u2019enthousiasme du grand public pour les connaissances scientifiques ; en d\u00e9construisant ce clich\u00e9 pr\u00e9sentant la science comme un domaine r\u00e9serv\u00e9 \u00e0 un groupe restreint d\u2019individu que sont les scientifiques et qu\u2019il y aurait une sorte de \u00ab culture scientifique \u00bb. La science doit \u00eatre au c\u0153ur de notre rapport au monde, et faire partir de la culture \u00e0 part enti\u00e8re. Surtout dans un monde digital caract\u00e9ris\u00e9 par un foisonnement sans pr\u00e9c\u00e9dent de l\u2019information de tout genre.<\/span><\/p>\n<p style=\"text-align: justify;\"><span style=\"color: #4b4b4c;\">Il faut une reconstruction de l\u2019inconscient collectif autour de la culture scientifique en cassant les barri\u00e8res par des programmes de vulgarisations massives, s\u2019ouvrir davantage \u00e0 de nouveaux concepts comme \u00ab la science participative \u00bb. C\u2019est ce que le LGO essaie de faire via le projet \u2018Observatoire Citoyen du Littoral Morbihannais\u2019, ou par exemple l\u2019exposition pr\u00e9vue \u00e0 la maison de la baie de Saint Brieuc en juin 2021.<\/span><\/p>\n<p style=\"text-align: justify;\"><span style=\"color: #4b4b4c;\"><strong>Vous avez\u00a0de futurs projets de recherche en t\u00eate ?<\/strong><\/span><\/p>\n<p style=\"text-align: justify;\"><span style=\"color: #4b4b4c;\">Mon projet futur en t\u00eate, est en lien avec la g\u00e9ospatial data science. En effet, nous assistons depuis quelques ann\u00e9es \u00e0 une explosion des donn\u00e9es satellitaires avec, par exemple, le programme Copernicus de l\u2019Union Europ\u00e9enne. Ce projet a permis le lancement d\u2019un certain nombre de satellites collectant des donn\u00e9es, en flux continu, sur la terre (images, climat, m\u00e9t\u00e9o, oc\u00e9anographie).<\/span><\/p>\n<p style=\"text-align: justify;\"><span style=\"color: #4b4b4c;\">Cela repr\u00e9sente une quantit\u00e9 ph\u00e9nom\u00e9nale de donn\u00e9es qui nous ouvre la porte vers le monde fascinant des sciences de la donn\u00e9e pour les g\u00e9osciences. Il est donc plus que n\u00e9cessaire de d\u00e9velopper des outils d\u2019analyse adapt\u00e9s \u00e0 ces types de donn\u00e9es pour en tirer une meilleure partie et apporter des connaissances nouvelles sur les processus physiques de la terre. Je souhaiterais mener des recherches postdoctorales sur l\u2019\u00e9laboration d\u2019une approche m\u00e9thodologique appliqu\u00e9e \u00e0 la dynamique morphos\u00e9dimentaire des zones c\u00f4ti\u00e8res.<\/span><\/p>\n<\/div>\n<\/div><\/div><\/div><\/div><\/div><div id=\"pg-5033-4\"  class=\"panel-grid panel-no-style\" ><div id=\"pgc-5033-4-0\"  class=\"panel-grid-cell panel-grid-cell-empty\" ><\/div><\/div><div id=\"pg-5033-5\"  class=\"panel-grid panel-no-style\" ><div id=\"pgc-5033-5-0\"  class=\"panel-grid-cell panel-grid-cell-empty\" ><\/div><\/div><\/div>","protected":false},"excerpt":{"rendered":"<p>Kalil Traor\u00e9 Doctorant Universit\u00e9 Bretagne Sud &#8211; Campus Tohannic B\u00e2timent Yves Coppens Bureau C048 kalil.traore@univ-ubs.fr Comp\u00e9tences<\/p>","protected":false},"author":9,"featured_media":4683,"parent":4133,"menu_order":0,"comment_status":"closed","ping_status":"closed","template":"","meta":{"footnotes":""},"class_list":["post-5033","page","type-page","status-publish","has-post-thumbnail","hentry"],"yoast_head":"<!-- This site is optimized with the Yoast SEO plugin v27.5 - https:\/\/yoast.com\/product\/yoast-seo-wordpress\/ -->\n<title>Kalil Traor\u00e9 - LGO - P\u00f4le UBS<\/title>\n<meta name=\"robots\" content=\"index, follow, max-snippet:-1, max-image-preview:large, max-video-preview:-1\" \/>\n<link rel=\"canonical\" href=\"https:\/\/www.laboratoire-geosciences-ocean-ubs.fr\/en\/equipe\/kalil-traore\/\" \/>\n<meta property=\"og:locale\" content=\"en_GB\" \/>\n<meta property=\"og:type\" content=\"article\" \/>\n<meta property=\"og:title\" content=\"Kalil Traor\u00e9 - LGO - P\u00f4le UBS\" \/>\n<meta property=\"og:description\" content=\"Kalil Traor\u00e9 Doctorant Universit\u00e9 Bretagne Sud - Campus Tohannic B\u00e2timent Yves Coppens Bureau C048 kalil.traore@univ-ubs.fr Comp\u00e9tences\" \/>\n<meta property=\"og:url\" content=\"https:\/\/www.laboratoire-geosciences-ocean-ubs.fr\/en\/equipe\/kalil-traore\/\" \/>\n<meta property=\"og:site_name\" content=\"LGO - P\u00f4le UBS\" \/>\n<meta property=\"article:publisher\" content=\"https:\/\/www.facebook.com\/search\/top\/?q=algobox%20%3aun%20outil%20%c3%a9cologique%20de%20r%c3%a9g%c3%a9n%c3%a9ration%20des%20dunes\" \/>\n<meta property=\"article:modified_time\" content=\"2021-04-30T08:33:47+00:00\" \/>\n<meta property=\"og:image\" content=\"https:\/\/www.laboratoire-geosciences-ocean-ubs.fr\/wp-content\/uploads\/2020\/04\/Hillion_4-scaled.jpg\" \/>\n\t<meta property=\"og:image:width\" content=\"2560\" \/>\n\t<meta property=\"og:image:height\" content=\"1707\" \/>\n\t<meta property=\"og:image:type\" content=\"image\/jpeg\" \/>\n<meta name=\"twitter:card\" content=\"summary_large_image\" \/>\n<meta name=\"twitter:label1\" content=\"Estimated reading time\" \/>\n\t<meta name=\"twitter:data1\" content=\"8 minutes\" \/>\n<script type=\"application\/ld+json\" class=\"yoast-schema-graph\">{\"@context\":\"https:\\\/\\\/schema.org\",\"@graph\":[{\"@type\":\"WebPage\",\"@id\":\"https:\\\/\\\/www.laboratoire-geosciences-ocean-ubs.fr\\\/equipe\\\/kalil-traore\\\/\",\"url\":\"https:\\\/\\\/www.laboratoire-geosciences-ocean-ubs.fr\\\/equipe\\\/kalil-traore\\\/\",\"name\":\"Kalil Traor\u00e9 - LGO - P\u00f4le UBS\",\"isPartOf\":{\"@id\":\"https:\\\/\\\/www.laboratoire-geosciences-ocean-ubs.fr\\\/#website\"},\"primaryImageOfPage\":{\"@id\":\"https:\\\/\\\/www.laboratoire-geosciences-ocean-ubs.fr\\\/equipe\\\/kalil-traore\\\/#primaryimage\"},\"image\":{\"@id\":\"https:\\\/\\\/www.laboratoire-geosciences-ocean-ubs.fr\\\/equipe\\\/kalil-traore\\\/#primaryimage\"},\"thumbnailUrl\":\"https:\\\/\\\/www.laboratoire-geosciences-ocean-ubs.fr\\\/wp-content\\\/uploads\\\/2020\\\/04\\\/Hillion_4-scaled.jpg\",\"datePublished\":\"2020-04-15T20:02:55+00:00\",\"dateModified\":\"2021-04-30T08:33:47+00:00\",\"breadcrumb\":{\"@id\":\"https:\\\/\\\/www.laboratoire-geosciences-ocean-ubs.fr\\\/equipe\\\/kalil-traore\\\/#breadcrumb\"},\"inLanguage\":\"en-GB\",\"potentialAction\":[{\"@type\":\"ReadAction\",\"target\":[\"https:\\\/\\\/www.laboratoire-geosciences-ocean-ubs.fr\\\/equipe\\\/kalil-traore\\\/\"]}]},{\"@type\":\"ImageObject\",\"inLanguage\":\"en-GB\",\"@id\":\"https:\\\/\\\/www.laboratoire-geosciences-ocean-ubs.fr\\\/equipe\\\/kalil-traore\\\/#primaryimage\",\"url\":\"https:\\\/\\\/www.laboratoire-geosciences-ocean-ubs.fr\\\/wp-content\\\/uploads\\\/2020\\\/04\\\/Hillion_4-scaled.jpg\",\"contentUrl\":\"https:\\\/\\\/www.laboratoire-geosciences-ocean-ubs.fr\\\/wp-content\\\/uploads\\\/2020\\\/04\\\/Hillion_4-scaled.jpg\",\"width\":2560,\"height\":1707},{\"@type\":\"BreadcrumbList\",\"@id\":\"https:\\\/\\\/www.laboratoire-geosciences-ocean-ubs.fr\\\/equipe\\\/kalil-traore\\\/#breadcrumb\",\"itemListElement\":[{\"@type\":\"ListItem\",\"position\":1,\"name\":\"Accueil\",\"item\":\"https:\\\/\\\/www.laboratoire-geosciences-ocean-ubs.fr\\\/\"},{\"@type\":\"ListItem\",\"position\":2,\"name\":\"L&rsquo;\u00e9quipe Geo-Ocean \u2013 UBS\",\"item\":\"https:\\\/\\\/www.laboratoire-geosciences-ocean-ubs.fr\\\/equipe\\\/\"},{\"@type\":\"ListItem\",\"position\":3,\"name\":\"Kalil Traor\u00e9\"}]},{\"@type\":\"WebSite\",\"@id\":\"https:\\\/\\\/www.laboratoire-geosciences-ocean-ubs.fr\\\/#website\",\"url\":\"https:\\\/\\\/www.laboratoire-geosciences-ocean-ubs.fr\\\/\",\"name\":\"LGO - P\u00f4le UBS\",\"description\":\"Une expertise durable des milieux marins et c\u00f4tiers\",\"publisher\":{\"@id\":\"https:\\\/\\\/www.laboratoire-geosciences-ocean-ubs.fr\\\/#organization\"},\"potentialAction\":[{\"@type\":\"SearchAction\",\"target\":{\"@type\":\"EntryPoint\",\"urlTemplate\":\"https:\\\/\\\/www.laboratoire-geosciences-ocean-ubs.fr\\\/?s={search_term_string}\"},\"query-input\":{\"@type\":\"PropertyValueSpecification\",\"valueRequired\":true,\"valueName\":\"search_term_string\"}}],\"inLanguage\":\"en-GB\"},{\"@type\":\"Organization\",\"@id\":\"https:\\\/\\\/www.laboratoire-geosciences-ocean-ubs.fr\\\/#organization\",\"name\":\"OCLM\",\"url\":\"https:\\\/\\\/www.laboratoire-geosciences-ocean-ubs.fr\\\/\",\"logo\":{\"@type\":\"ImageObject\",\"inLanguage\":\"en-GB\",\"@id\":\"https:\\\/\\\/www.laboratoire-geosciences-ocean-ubs.fr\\\/#\\\/schema\\\/logo\\\/image\\\/\",\"url\":\"https:\\\/\\\/www.laboratoire-geosciences-ocean-ubs.fr\\\/wp-content\\\/uploads\\\/2021\\\/12\\\/cropped-cropped-goo-hd-geo-ocean-tutelles-noir.png\",\"contentUrl\":\"https:\\\/\\\/www.laboratoire-geosciences-ocean-ubs.fr\\\/wp-content\\\/uploads\\\/2021\\\/12\\\/cropped-cropped-goo-hd-geo-ocean-tutelles-noir.png\",\"width\":2887,\"height\":1485,\"caption\":\"OCLM\"},\"image\":{\"@id\":\"https:\\\/\\\/www.laboratoire-geosciences-ocean-ubs.fr\\\/#\\\/schema\\\/logo\\\/image\\\/\"},\"sameAs\":[\"https:\\\/\\\/www.facebook.com\\\/search\\\/top\\\/?q=algobox :un outil \u00e9cologique de r\u00e9g\u00e9n\u00e9ration des dunes\"]}]}<\/script>\n<!-- \/ Yoast SEO plugin. -->","yoast_head_json":{"title":"Kalil Traor\u00e9 - LGO - P\u00f4le UBS","robots":{"index":"index","follow":"follow","max-snippet":"max-snippet:-1","max-image-preview":"max-image-preview:large","max-video-preview":"max-video-preview:-1"},"canonical":"https:\/\/www.laboratoire-geosciences-ocean-ubs.fr\/en\/equipe\/kalil-traore\/","og_locale":"en_GB","og_type":"article","og_title":"Kalil Traor\u00e9 - LGO - P\u00f4le UBS","og_description":"Kalil Traor\u00e9 Doctorant Universit\u00e9 Bretagne Sud - Campus Tohannic B\u00e2timent Yves Coppens Bureau C048 kalil.traore@univ-ubs.fr Comp\u00e9tences","og_url":"https:\/\/www.laboratoire-geosciences-ocean-ubs.fr\/en\/equipe\/kalil-traore\/","og_site_name":"LGO - P\u00f4le UBS","article_publisher":"https:\/\/www.facebook.com\/search\/top\/?q=algobox%20%3aun%20outil%20%c3%a9cologique%20de%20r%c3%a9g%c3%a9n%c3%a9ration%20des%20dunes","article_modified_time":"2021-04-30T08:33:47+00:00","og_image":[{"width":2560,"height":1707,"url":"https:\/\/www.laboratoire-geosciences-ocean-ubs.fr\/wp-content\/uploads\/2020\/04\/Hillion_4-scaled.jpg","type":"image\/jpeg"}],"twitter_card":"summary_large_image","twitter_misc":{"Estimated reading time":"8 minutes"},"schema":{"@context":"https:\/\/schema.org","@graph":[{"@type":"WebPage","@id":"https:\/\/www.laboratoire-geosciences-ocean-ubs.fr\/equipe\/kalil-traore\/","url":"https:\/\/www.laboratoire-geosciences-ocean-ubs.fr\/equipe\/kalil-traore\/","name":"Kalil Traor\u00e9 - LGO - P\u00f4le UBS","isPartOf":{"@id":"https:\/\/www.laboratoire-geosciences-ocean-ubs.fr\/#website"},"primaryImageOfPage":{"@id":"https:\/\/www.laboratoire-geosciences-ocean-ubs.fr\/equipe\/kalil-traore\/#primaryimage"},"image":{"@id":"https:\/\/www.laboratoire-geosciences-ocean-ubs.fr\/equipe\/kalil-traore\/#primaryimage"},"thumbnailUrl":"https:\/\/www.laboratoire-geosciences-ocean-ubs.fr\/wp-content\/uploads\/2020\/04\/Hillion_4-scaled.jpg","datePublished":"2020-04-15T20:02:55+00:00","dateModified":"2021-04-30T08:33:47+00:00","breadcrumb":{"@id":"https:\/\/www.laboratoire-geosciences-ocean-ubs.fr\/equipe\/kalil-traore\/#breadcrumb"},"inLanguage":"en-GB","potentialAction":[{"@type":"ReadAction","target":["https:\/\/www.laboratoire-geosciences-ocean-ubs.fr\/equipe\/kalil-traore\/"]}]},{"@type":"ImageObject","inLanguage":"en-GB","@id":"https:\/\/www.laboratoire-geosciences-ocean-ubs.fr\/equipe\/kalil-traore\/#primaryimage","url":"https:\/\/www.laboratoire-geosciences-ocean-ubs.fr\/wp-content\/uploads\/2020\/04\/Hillion_4-scaled.jpg","contentUrl":"https:\/\/www.laboratoire-geosciences-ocean-ubs.fr\/wp-content\/uploads\/2020\/04\/Hillion_4-scaled.jpg","width":2560,"height":1707},{"@type":"BreadcrumbList","@id":"https:\/\/www.laboratoire-geosciences-ocean-ubs.fr\/equipe\/kalil-traore\/#breadcrumb","itemListElement":[{"@type":"ListItem","position":1,"name":"Accueil","item":"https:\/\/www.laboratoire-geosciences-ocean-ubs.fr\/"},{"@type":"ListItem","position":2,"name":"L&rsquo;\u00e9quipe Geo-Ocean \u2013 UBS","item":"https:\/\/www.laboratoire-geosciences-ocean-ubs.fr\/equipe\/"},{"@type":"ListItem","position":3,"name":"Kalil Traor\u00e9"}]},{"@type":"WebSite","@id":"https:\/\/www.laboratoire-geosciences-ocean-ubs.fr\/#website","url":"https:\/\/www.laboratoire-geosciences-ocean-ubs.fr\/","name":"LGO - P\u00f4le UBS","description":"Une expertise durable des milieux marins et c\u00f4tiers","publisher":{"@id":"https:\/\/www.laboratoire-geosciences-ocean-ubs.fr\/#organization"},"potentialAction":[{"@type":"SearchAction","target":{"@type":"EntryPoint","urlTemplate":"https:\/\/www.laboratoire-geosciences-ocean-ubs.fr\/?s={search_term_string}"},"query-input":{"@type":"PropertyValueSpecification","valueRequired":true,"valueName":"search_term_string"}}],"inLanguage":"en-GB"},{"@type":"Organization","@id":"https:\/\/www.laboratoire-geosciences-ocean-ubs.fr\/#organization","name":"OCLM","url":"https:\/\/www.laboratoire-geosciences-ocean-ubs.fr\/","logo":{"@type":"ImageObject","inLanguage":"en-GB","@id":"https:\/\/www.laboratoire-geosciences-ocean-ubs.fr\/#\/schema\/logo\/image\/","url":"https:\/\/www.laboratoire-geosciences-ocean-ubs.fr\/wp-content\/uploads\/2021\/12\/cropped-cropped-goo-hd-geo-ocean-tutelles-noir.png","contentUrl":"https:\/\/www.laboratoire-geosciences-ocean-ubs.fr\/wp-content\/uploads\/2021\/12\/cropped-cropped-goo-hd-geo-ocean-tutelles-noir.png","width":2887,"height":1485,"caption":"OCLM"},"image":{"@id":"https:\/\/www.laboratoire-geosciences-ocean-ubs.fr\/#\/schema\/logo\/image\/"},"sameAs":["https:\/\/www.facebook.com\/search\/top\/?q=algobox :un outil \u00e9cologique de r\u00e9g\u00e9n\u00e9ration des dunes"]}]}},"_links":{"self":[{"href":"https:\/\/www.laboratoire-geosciences-ocean-ubs.fr\/en\/wp-json\/wp\/v2\/pages\/5033","targetHints":{"allow":["GET"]}}],"collection":[{"href":"https:\/\/www.laboratoire-geosciences-ocean-ubs.fr\/en\/wp-json\/wp\/v2\/pages"}],"about":[{"href":"https:\/\/www.laboratoire-geosciences-ocean-ubs.fr\/en\/wp-json\/wp\/v2\/types\/page"}],"author":[{"embeddable":true,"href":"https:\/\/www.laboratoire-geosciences-ocean-ubs.fr\/en\/wp-json\/wp\/v2\/users\/9"}],"replies":[{"embeddable":true,"href":"https:\/\/www.laboratoire-geosciences-ocean-ubs.fr\/en\/wp-json\/wp\/v2\/comments?post=5033"}],"version-history":[{"count":0,"href":"https:\/\/www.laboratoire-geosciences-ocean-ubs.fr\/en\/wp-json\/wp\/v2\/pages\/5033\/revisions"}],"up":[{"embeddable":true,"href":"https:\/\/www.laboratoire-geosciences-ocean-ubs.fr\/en\/wp-json\/wp\/v2\/pages\/4133"}],"wp:featuredmedia":[{"embeddable":true,"href":"https:\/\/www.laboratoire-geosciences-ocean-ubs.fr\/en\/wp-json\/wp\/v2\/media\/4683"}],"wp:attachment":[{"href":"https:\/\/www.laboratoire-geosciences-ocean-ubs.fr\/en\/wp-json\/wp\/v2\/media?parent=5033"}],"curies":[{"name":"wp","href":"https:\/\/api.w.org\/{rel}","templated":true}]}}